{"id":5676,"date":"2025-11-30T12:51:39","date_gmt":"2025-11-30T11:51:39","guid":{"rendered":"https:\/\/eckankar-ci.org\/?page_id=5676"},"modified":"2025-12-02T01:22:00","modified_gmt":"2025-12-02T00:22:00","slug":"congres-eck-de-laventure-de-lame","status":"publish","type":"page","link":"https:\/\/eckankar-ci.org\/congres-eck-de-laventure-de-lame\/","title":{"rendered":"Congr\u00e8s ECK de l\u2019Aventure de l\u2019Ame"},"content":{"rendered":"\t\t<div data-elementor-type=\"wp-page\" data-elementor-id=\"5676\" class=\"elementor elementor-5676\">\n\t\t\t\t<div class=\"elementor-element elementor-element-ab0dcdb e-flex e-con-boxed wpr-particle-no wpr-jarallax-no wpr-parallax-no wpr-sticky-section-no e-con e-parent\" data-id=\"ab0dcdb\" data-element_type=\"container\" data-e-type=\"container\">\n\t\t\t\t\t<div class=\"e-con-inner\">\n\t\t\t\t\t<\/div>\n\t\t\t\t<\/div>\n\t\t<div class=\"elementor-element elementor-element-4ddb47b e-con-full e-flex wpr-particle-no wpr-jarallax-no wpr-parallax-no wpr-sticky-section-no e-con e-parent\" data-id=\"4ddb47b\" data-element_type=\"container\" data-e-type=\"container\">\n\t\t\t\t<div class=\"elementor-element elementor-element-eef083d elementor-widget elementor-widget-text-editor\" data-id=\"eef083d\" data-element_type=\"widget\" data-e-type=\"widget\" data-widget_type=\"text-editor.default\">\n\t\t\t\t<div class=\"elementor-widget-container\">\n\t\t\t\t\t\t\t\t\t<p>Congr\u00e8s ECK r\u00e9gional de l&#8217;Aventure de l\u2019Ame<\/p>\t\t\t\t\t\t\t\t<\/div>\n\t\t\t\t<\/div>\n\t\t\t\t<\/div>\n\t\t<div class=\"elementor-element elementor-element-9e0e68e e-flex e-con-boxed wpr-particle-no wpr-jarallax-no wpr-parallax-no wpr-sticky-section-no e-con e-parent\" data-id=\"9e0e68e\" data-element_type=\"container\" data-e-type=\"container\">\n\t\t\t\t\t<div class=\"e-con-inner\">\n\t\t\t\t\t<\/div>\n\t\t\t\t<\/div>\n\t\t<div class=\"elementor-element elementor-element-8299184 e-con-full e-flex wpr-particle-no wpr-jarallax-no wpr-parallax-no wpr-sticky-section-no e-con e-parent\" data-id=\"8299184\" data-element_type=\"container\" data-e-type=\"container\">\n\t\t<div class=\"elementor-element elementor-element-fe0c89f e-con-full e-flex wpr-particle-no wpr-jarallax-no wpr-parallax-no wpr-sticky-section-no e-con e-child\" data-id=\"fe0c89f\" data-element_type=\"container\" data-e-type=\"container\">\n\t\t\t\t<div class=\"elementor-element elementor-element-6c2bb11 elementor-widget elementor-widget-text-editor\" data-id=\"6c2bb11\" data-element_type=\"widget\" data-e-type=\"widget\" data-widget_type=\"text-editor.default\">\n\t\t\t\t<div class=\"elementor-widget-container\">\n\t\t\t\t\t\t\t\t\t<figure><img fetchpriority=\"high\" decoding=\"async\" class=\"aligncenter wp-image-4589 \" src=\"https:\/\/eckankar-ci.org\/wp-content\/uploads\/2023\/11\/Image20231107231134-1024x398.png\" alt=\"\" width=\"480\" height=\"398\" \/><\/figure>\t\t\t\t\t\t\t\t<\/div>\n\t\t\t\t<\/div>\n\t\t\t\t<div class=\"elementor-element elementor-element-dc04e8f elementor-widget elementor-widget-text-editor\" data-id=\"dc04e8f\" data-element_type=\"widget\" data-e-type=\"widget\" data-widget_type=\"text-editor.default\">\n\t\t\t\t<div class=\"elementor-widget-container\">\n\t\t\t\t\t\t\t\t\t<p style=\"text-align: center;\">Exp\u00e9rimentez la voix secr\u00e8te de Dieu<\/p>\t\t\t\t\t\t\t\t<\/div>\n\t\t\t\t<\/div>\n\t\t\t\t<div class=\"elementor-element elementor-element-f47fb89 elementor-widget elementor-widget-text-editor\" data-id=\"f47fb89\" data-element_type=\"widget\" data-e-type=\"widget\" data-widget_type=\"text-editor.default\">\n\t\t\t\t<div class=\"elementor-widget-container\">\n\t\t\t\t\t\t\t\t\t<p style=\"text-align: center;\">POUR UNE VIE SPIRITUELLE PLUS EPANOUIE<\/p><p style=\"text-align: center;\">6, 7 et 8 mars 2026<\/p><p style=\"text-align: center;\">Centre ECK de la Riviera Palmeraie, Abidjan, C\u00f4te d&#8217;Ivoire<\/p>\t\t\t\t\t\t\t\t<\/div>\n\t\t\t\t<\/div>\n\t\t\t\t<div class=\"elementor-element elementor-element-06c7761 elementor-widget__width-initial elementor-widget-tablet__width-initial elementor-widget elementor-widget-text-editor\" data-id=\"06c7761\" data-element_type=\"widget\" data-e-type=\"widget\" data-widget_type=\"text-editor.default\">\n\t\t\t\t<div class=\"elementor-widget-container\">\n\t\t\t\t\t\t\t\t\t<p><img decoding=\"async\" class=\"size-full wp-image-4346 alignleft\" src=\"https:\/\/eckankar-ci.org\/wp-content\/uploads\/2023\/11\/Capture-decran-2023-11-01-213641-e1698875455595.png\" alt=\"\" width=\"61\" height=\"50\" \/><\/p><p style=\"text-align: center;\">La lumi\u00e8re et le Son constituent la Voix de Dieu, l&#8217;expression de l&#8217;amour que Dieu a pour nous. Ils renferment l&#8217;amour de Dieu dans sa totalit\u00e9. Ils forment ensemble ce que la religion nomme l&#8217;Esprit saint.<\/p><p><span style=\"color: #baa757;\">&#8211; Harold Klemp, <em>Le Son de l\u2019\u00c2me, <\/em>p 72<\/span><\/p>\t\t\t\t\t\t\t\t<\/div>\n\t\t\t\t<\/div>\n\t\t\t\t<\/div>\n\t\t<div class=\"elementor-element elementor-element-b30467b e-con-full e-flex wpr-particle-no wpr-jarallax-no wpr-parallax-no wpr-sticky-section-no e-con e-child\" data-id=\"b30467b\" data-element_type=\"container\" data-e-type=\"container\">\n\t\t\t\t<div class=\"elementor-element elementor-element-e86055c elementor-widget__width-initial elementor-widget-tablet__width-initial elementor-widget elementor-widget-image\" data-id=\"e86055c\" data-element_type=\"widget\" data-e-type=\"widget\" data-widget_type=\"image.default\">\n\t\t\t\t<div class=\"elementor-widget-container\">\n\t\t\t\t\t\t\t\t\t\t\t\t\t\t\t<img decoding=\"async\" width=\"746\" height=\"1080\" src=\"https:\/\/eckankar-ci.org\/wp-content\/uploads\/2025\/12\/image.png\" class=\"attachment-medium_large size-medium_large wp-image-5695\" alt=\"\" srcset=\"https:\/\/eckankar-ci.org\/wp-content\/uploads\/2025\/12\/image.png 746w, https:\/\/eckankar-ci.org\/wp-content\/uploads\/2025\/12\/image-207x300.png 207w, https:\/\/eckankar-ci.org\/wp-content\/uploads\/2025\/12\/image-707x1024.png 707w, https:\/\/eckankar-ci.org\/wp-content\/uploads\/2025\/12\/image-600x869.png 600w, https:\/\/eckankar-ci.org\/wp-content\/uploads\/2025\/12\/image-370x536.png 370w, https:\/\/eckankar-ci.org\/wp-content\/uploads\/2025\/12\/image-740x1071.png 740w\" sizes=\"(max-width: 746px) 100vw, 746px\" \/>\t\t\t\t\t\t\t\t\t\t\t\t\t\t\t<\/div>\n\t\t\t\t<\/div>\n\t\t\t\t<\/div>\n\t\t\t\t<\/div>\n\t\t<div class=\"elementor-element elementor-element-fbe70ec e-flex e-con-boxed wpr-particle-no wpr-jarallax-no wpr-parallax-no wpr-sticky-section-no e-con e-parent\" data-id=\"fbe70ec\" data-element_type=\"container\" data-e-type=\"container\">\n\t\t\t\t\t<div class=\"e-con-inner\">\n\t\t\t\t\t<\/div>\n\t\t\t\t<\/div>\n\t\t<div class=\"elementor-element elementor-element-dce1cac e-con-full e-flex wpr-particle-no wpr-jarallax-no wpr-parallax-no wpr-sticky-section-no e-con e-parent\" data-id=\"dce1cac\" data-element_type=\"container\" data-e-type=\"container\">\n\t\t<div class=\"elementor-element elementor-element-14dc242 e-con-full e-flex wpr-particle-no wpr-jarallax-no wpr-parallax-no wpr-sticky-section-no e-con e-child\" data-id=\"14dc242\" data-element_type=\"container\" data-e-type=\"container\">\n\t\t\t\t<div class=\"elementor-element elementor-element-652d614 elementor-widget__width-initial elementor-widget elementor-widget-image\" data-id=\"652d614\" data-element_type=\"widget\" data-e-type=\"widget\" data-widget_type=\"image.default\">\n\t\t\t\t<div class=\"elementor-widget-container\">\n\t\t\t\t\t\t\t\t\t\t\t\t\t\t\t<img loading=\"lazy\" decoding=\"async\" width=\"600\" height=\"399\" src=\"https:\/\/eckankar-ci.org\/wp-content\/uploads\/2025\/11\/congres.png\" class=\"attachment-large size-large wp-image-5684\" alt=\"\" srcset=\"https:\/\/eckankar-ci.org\/wp-content\/uploads\/2025\/11\/congres.png 600w, https:\/\/eckankar-ci.org\/wp-content\/uploads\/2025\/11\/congres-300x200.png 300w, https:\/\/eckankar-ci.org\/wp-content\/uploads\/2025\/11\/congres-391x260.png 391w, https:\/\/eckankar-ci.org\/wp-content\/uploads\/2025\/11\/congres-370x246.png 370w\" sizes=\"(max-width: 600px) 100vw, 600px\" \/>\t\t\t\t\t\t\t\t\t\t\t\t\t\t\t<\/div>\n\t\t\t\t<\/div>\n\t\t\t\t<\/div>\n\t\t<div class=\"elementor-element elementor-element-e7ca9df e-con-full e-flex wpr-particle-no wpr-jarallax-no wpr-parallax-no wpr-sticky-section-no e-con e-child\" data-id=\"e7ca9df\" data-element_type=\"container\" data-e-type=\"container\">\n\t\t\t\t<div class=\"elementor-element elementor-element-3998fbe elementor-widget__width-initial elementor-widget-mobile__width-initial elementor-widget elementor-widget-text-editor\" data-id=\"3998fbe\" data-element_type=\"widget\" data-e-type=\"widget\" data-widget_type=\"text-editor.default\">\n\t\t\t\t<div class=\"elementor-widget-container\">\n\t\t\t\t\t\t\t\t\t<p style=\"text-align: left;\"><span style=\"background-color: var(--ast-global-color-5); color: var( --e-global-color-text ); font-style: inherit; font-weight: inherit;\">Le congr\u00e8s ECK de l\u2019Aventure de l\u2019\u00c2me peut vous aider \u00e0 explorer toutes les comp\u00e9tences et tous les talents spirituels que vous portez en vous pour gouverner votre vie avec plus d\u2019aisance.<\/span><\/p><p style=\"text-align: left;\">D\u00e9couvrez des sources d\u2019inspiration dans des causeries, des ateliers, des interpr\u00e9tations musicales et bien davantage.<\/p><p style=\"text-align: left;\">Vous rencontrerez aussi une communaut\u00e9 de gens partageant les m\u00eames aspirations que vous, qui respectent la libert\u00e9 spirituelle et aiment la v\u00e9rit\u00e9.<\/p><div style=\"text-align: left;\"><span style=\"color: #30979c;\"><strong>Les inscriptions sont disponibles ci-dessous<\/strong><\/span><\/div>\t\t\t\t\t\t\t\t<\/div>\n\t\t\t\t<\/div>\n\t\t\t\t<\/div>\n\t\t\t\t<\/div>\n\t\t<div class=\"elementor-element elementor-element-8cba301 e-flex e-con-boxed wpr-particle-no wpr-jarallax-no wpr-parallax-no wpr-sticky-section-no e-con e-parent\" data-id=\"8cba301\" data-element_type=\"container\" data-e-type=\"container\">\n\t\t\t\t\t<div class=\"e-con-inner\">\n\t\t\t\t<div class=\"elementor-element elementor-element-dc11c03 elementor-widget elementor-widget-spacer\" data-id=\"dc11c03\" data-element_type=\"widget\" data-e-type=\"widget\" data-widget_type=\"spacer.default\">\n\t\t\t\t<div class=\"elementor-widget-container\">\n\t\t\t\t\t\t\t<div class=\"elementor-spacer\">\n\t\t\t<div class=\"elementor-spacer-inner\"><\/div>\n\t\t<\/div>\n\t\t\t\t\t\t<\/div>\n\t\t\t\t<\/div>\n\t\t\t\t\t<\/div>\n\t\t\t\t<\/div>\n\t\t<div class=\"elementor-element elementor-element-ea151f3 e-flex e-con-boxed wpr-particle-no wpr-jarallax-no wpr-parallax-no wpr-sticky-section-no elementor-invisible e-con e-parent\" data-id=\"ea151f3\" data-element_type=\"container\" data-e-type=\"container\" data-settings=\"{&quot;animation&quot;:&quot;fadeInDown&quot;}\">\n\t\t\t\t\t<div class=\"e-con-inner\">\n\t\t<div class=\"elementor-element elementor-element-6ef29e7 e-con-full e-flex wpr-particle-no wpr-jarallax-no wpr-parallax-no wpr-sticky-section-no e-con e-child\" data-id=\"6ef29e7\" data-element_type=\"container\" data-e-type=\"container\">\n\t\t\t\t<div class=\"elementor-element elementor-element-ad3e334 elementor-widget elementor-widget-ucaddon_material_footer_card\" data-id=\"ad3e334\" data-element_type=\"widget\" data-e-type=\"widget\" data-widget_type=\"ucaddon_material_footer_card.default\">\n\t\t\t\t<div class=\"elementor-widget-container\">\n\t\t\t\t\t\n<!-- start Icon Card -->\n\t\t<link id='font-awesome-css' href='https:\/\/eckankar-ci.org\/wp-content\/plugins\/unlimited-elements-for-elementor\/assets_libraries\/font-awesome6\/fontawesome-all.min.css' type='text\/css' rel='stylesheet' >\n\t\t<link id='font-awesome-4-shim-css' href='https:\/\/eckankar-ci.org\/wp-content\/plugins\/unlimited-elements-for-elementor\/assets_libraries\/font-awesome6\/fontawesome-v4-shims.min.css' type='text\/css' rel='stylesheet' >\n\n<style>\/* widget: Icon Card *\/\n\n#uc_material_footer_card_elementor_ad3e334 * { \n\tbox-sizing: border-box; \n}\n#uc_material_footer_card_elementor_ad3e334 {\n\tposition:relative;\n    text-align:center;\n    overflow:hidden;\n}\n\n\t#uc_material_footer_card_elementor_ad3e334 {\n\tbox-shadow:0 15px 20px rgba(0,0,0,0.1);\n}  \n\t\n\n\n#uc_material_footer_card_elementor_ad3e334 .ue_box_button\n{\n  text-align:center;\n  text-decoration:none;\n  display:inline-block;\n}\n\n#uc_material_footer_card_elementor_ad3e334 .ue-icon\n{\n  line-height:1em;\n}\n\n#uc_material_footer_card_elementor_ad3e334 .ue-icon svg\n{\n  height:1em;\n  width:1em;\n}\n\n<\/style>\n\n<div class=\"uc-card-footer\" id=\"uc_material_footer_card_elementor_ad3e334\"> \n<div class=\"uc-footer-container\">        \n            <div class=\"uc-content-box\">\n            \t<div class=\"uc-icons\" style=\"background:Array<br \/>\n<b>Warning<\/b>:  Array to string conversion in <b>\/htdocs\/wp-content\/plugins\/unlimited-elements-for-elementor\/vendor\/twig\/twig\/src\/Template.php<\/b> on line <b>336<\/b><br \/>\n;\">\n                   <div class=\"ue-icon\"><i class='far fa-edit'><\/i><\/div>\t\n                   \t\n                <\/div>\n                \n                <div class=\"uc-info\">\n                \t<div class=\"ue_box_text\"><h6 style=\"text-align: center;\"><a href=\"https:\/\/congres.eckankar-ci.org\/\" data-wplink-edit=\"true\">Pr\u00e9-enregistrement<\/a><\/h6><\/div>                                    <\/div>\n            <\/div>\n        <\/div>\n<\/div>\n<!-- end Icon Card -->\t\t\t\t<\/div>\n\t\t\t\t<\/div>\n\t\t\t\t<\/div>\n\t\t<div class=\"elementor-element elementor-element-6ce397d e-flex e-con-boxed wpr-particle-no wpr-jarallax-no wpr-parallax-no wpr-sticky-section-no e-con e-child\" data-id=\"6ce397d\" data-element_type=\"container\" data-e-type=\"container\">\n\t\t\t\t\t<div class=\"e-con-inner\">\n\t\t\t\t<div class=\"elementor-element elementor-element-a651e00 elementor-widget elementor-widget-ucaddon_material_footer_card\" data-id=\"a651e00\" data-element_type=\"widget\" data-e-type=\"widget\" data-widget_type=\"ucaddon_material_footer_card.default\">\n\t\t\t\t<div class=\"elementor-widget-container\">\n\t\t\t\t\t\n<!-- start Icon Card -->\n\n<style>\/* widget: Icon Card *\/\n\n#uc_material_footer_card_elementor_a651e00 * { \n\tbox-sizing: border-box; \n}\n#uc_material_footer_card_elementor_a651e00 {\n\tposition:relative;\n    text-align:center;\n    overflow:hidden;\n}\n\n\t#uc_material_footer_card_elementor_a651e00 {\n\tbox-shadow:0 15px 20px rgba(0,0,0,0.1);\n}  \n\t\n\n\n#uc_material_footer_card_elementor_a651e00 .ue_box_button\n{\n  text-align:center;\n  text-decoration:none;\n  display:inline-block;\n}\n\n#uc_material_footer_card_elementor_a651e00 .ue-icon\n{\n  line-height:1em;\n}\n\n#uc_material_footer_card_elementor_a651e00 .ue-icon svg\n{\n  height:1em;\n  width:1em;\n}\n\n<\/style>\n\n<div class=\"uc-card-footer\" id=\"uc_material_footer_card_elementor_a651e00\"> \n<div class=\"uc-footer-container\">        \n            <div class=\"uc-content-box\">\n            \t<div class=\"uc-icons\" style=\"background:Array<br \/>\n<b>Warning<\/b>:  Array to string conversion in <b>\/htdocs\/wp-content\/plugins\/unlimited-elements-for-elementor\/vendor\/twig\/twig\/src\/Template.php<\/b> on line <b>336<\/b><br \/>\n;\">\n                   <div class=\"ue-icon\"><i class='fas fa-hotel'><\/i><\/div>\t\n                   \t\n                <\/div>\n                \n                <div class=\"uc-info\">\n                \t<div class=\"ue_box_text\"><h6 style=\"text-align: center;\"><a href=\"https:\/\/congres.eckankar-ci.org\/accommodation\/create\" data-wplink-edit=\"true\">R\u00e9servation H\u00f4tel<\/a><\/h6><\/div>                                    <\/div>\n            <\/div>\n        <\/div>\n<\/div>\n<!-- end Icon Card -->\t\t\t\t<\/div>\n\t\t\t\t<\/div>\n\t\t\t\t\t<\/div>\n\t\t\t\t<\/div>\n\t\t<div class=\"elementor-element elementor-element-d5f760d e-con-full e-flex wpr-particle-no wpr-jarallax-no wpr-parallax-no wpr-sticky-section-no e-con e-child\" data-id=\"d5f760d\" data-element_type=\"container\" data-e-type=\"container\">\n\t\t\t\t<div class=\"elementor-element elementor-element-3a27404 elementor-widget elementor-widget-ucaddon_material_footer_card\" data-id=\"3a27404\" data-element_type=\"widget\" data-e-type=\"widget\" data-widget_type=\"ucaddon_material_footer_card.default\">\n\t\t\t\t<div class=\"elementor-widget-container\">\n\t\t\t\t\t\n<!-- start Icon Card -->\n\n<style>\/* widget: Icon Card *\/\n\n#uc_material_footer_card_elementor_3a27404 * { \n\tbox-sizing: border-box; \n}\n#uc_material_footer_card_elementor_3a27404 {\n\tposition:relative;\n    text-align:center;\n    overflow:hidden;\n}\n\n\t#uc_material_footer_card_elementor_3a27404 {\n\tbox-shadow:0 15px 20px rgba(0,0,0,0.1);\n}  \n\t\n\n\n#uc_material_footer_card_elementor_3a27404 .ue_box_button\n{\n  text-align:center;\n  text-decoration:none;\n  display:inline-block;\n}\n\n#uc_material_footer_card_elementor_3a27404 .ue-icon\n{\n  line-height:1em;\n}\n\n#uc_material_footer_card_elementor_3a27404 .ue-icon svg\n{\n  height:1em;\n  width:1em;\n}\n\n<\/style>\n\n<div class=\"uc-card-footer\" id=\"uc_material_footer_card_elementor_3a27404\"> \n<div class=\"uc-footer-container\">        \n            <div class=\"uc-content-box\">\n            \t<div class=\"uc-icons\" style=\"background:Array<br \/>\n<b>Warning<\/b>:  Array to string conversion in <b>\/htdocs\/wp-content\/plugins\/unlimited-elements-for-elementor\/vendor\/twig\/twig\/src\/Template.php<\/b> on line <b>336<\/b><br \/>\n;\">\n                   <div class=\"ue-icon\"><i class='fas fa-users'><\/i><\/div>\t\n                   \t\n                <\/div>\n                \n                <div class=\"uc-info\">\n                \t<div class=\"ue_box_text\"><h6 style=\"text-align: center;\">Programme<\/h6><\/div>                                    <\/div>\n            <\/div>\n        <\/div>\n<\/div>\n<!-- end Icon Card -->\t\t\t\t<\/div>\n\t\t\t\t<\/div>\n\t\t\t\t<\/div>\n\t\t\t\t\t<\/div>\n\t\t\t\t<\/div>\n\t\t<div class=\"elementor-element elementor-element-fe8d5e2 e-flex e-con-boxed wpr-particle-no wpr-jarallax-no wpr-parallax-no wpr-sticky-section-no e-con e-parent\" data-id=\"fe8d5e2\" data-element_type=\"container\" data-e-type=\"container\">\n\t\t\t\t\t<div class=\"e-con-inner\">\n\t\t\t\t\t<\/div>\n\t\t\t\t<\/div>\n\t\t<div class=\"elementor-element elementor-element-6cb27c2 e-flex e-con-boxed wpr-particle-no wpr-jarallax-no wpr-parallax-no wpr-sticky-section-no e-con e-parent\" data-id=\"6cb27c2\" data-element_type=\"container\" data-e-type=\"container\">\n\t\t\t\t\t<div class=\"e-con-inner\">\n\t\t<div class=\"elementor-element elementor-element-4ba4422 e-con-full e-flex wpr-particle-no wpr-jarallax-no wpr-parallax-no wpr-sticky-section-no e-con e-child\" data-id=\"4ba4422\" data-element_type=\"container\" data-e-type=\"container\">\n\t\t\t\t<div class=\"elementor-element elementor-element-6db12b3 elementor-drop-cap-yes elementor-drop-cap-view-default elementor-invisible elementor-widget elementor-widget-text-editor\" data-id=\"6db12b3\" data-element_type=\"widget\" data-e-type=\"widget\" data-settings=\"{&quot;_animation&quot;:&quot;fadeIn&quot;,&quot;drop_cap&quot;:&quot;yes&quot;}\" data-widget_type=\"text-editor.default\">\n\t\t\t\t<div class=\"elementor-widget-container\">\n\t\t\t\t\t\t\t\t\t<h1><span style=\"color: #032c85;\">Nouveaux en ECK ?<\/span><br \/><span style=\"color: #032c85;\">\u00a0 \u00a0Soyez les bienvenus!<\/span><\/h1>\t\t\t\t\t\t\t\t<\/div>\n\t\t\t\t<\/div>\n\t\t\t\t<div class=\"elementor-element elementor-element-8e5eb70 elementor-invisible elementor-widget elementor-widget-text-editor\" data-id=\"8e5eb70\" data-element_type=\"widget\" data-e-type=\"widget\" data-settings=\"{&quot;_animation&quot;:&quot;fadeIn&quot;}\" data-widget_type=\"text-editor.default\">\n\t\t\t\t<div class=\"elementor-widget-container\">\n\t\t\t\t\t\t\t\t\t<p>Venez d\u00e9couvrir des outils pratiques, des techniques spirituelles qui vont vous \u00e9veiller \u00e0 votre nature divine : l\u2019Ame que vous \u00eates.<\/p><p>Un programme sp\u00e9cial est offert sans donations aux visiteurs les vendredi<br \/>et samedi matins.<\/p><p>\u00a0Ce programme particulier vous offre l\u2019occasion<br \/>d\u2019\u00e9changer sur divers th\u00e8mes :<\/p><ul><li>\u00a0Comment ECKANKAR peut-il vous aider ?<\/li><li>Les r\u00eaves, source de v\u00e9rit\u00e9 int\u00e9rieure<\/li><li>Comment l\u2019Esprit divin intervient dans notre vie ?<\/li><\/ul><p>Quels que soient votre foi ou vos ant\u00e9c\u00e9dents, venez d\u00e9couvrir votre nature divine en tant qu&#8217;Ame !<\/p>\t\t\t\t\t\t\t\t<\/div>\n\t\t\t\t<\/div>\n\t\t\t\t<\/div>\n\t\t<div class=\"elementor-element elementor-element-a1eaf72 e-con-full e-flex wpr-particle-no wpr-jarallax-no wpr-parallax-no wpr-sticky-section-no e-con e-child\" data-id=\"a1eaf72\" data-element_type=\"container\" data-e-type=\"container\">\n\t\t\t\t<div class=\"elementor-element elementor-element-4bf8123 elementor-invisible elementor-widget elementor-widget-image\" data-id=\"4bf8123\" data-element_type=\"widget\" data-e-type=\"widget\" data-settings=\"{&quot;_animation&quot;:&quot;fadeInRight&quot;}\" data-widget_type=\"image.default\">\n\t\t\t\t<div class=\"elementor-widget-container\">\n\t\t\t\t\t\t\t\t\t\t\t\t\t\t\t<img loading=\"lazy\" decoding=\"async\" width=\"759\" height=\"759\" src=\"https:\/\/eckankar-ci.org\/wp-content\/uploads\/2023\/07\/hand-square.jpg\" class=\"attachment-large size-large wp-image-3477\" alt=\"\" srcset=\"https:\/\/eckankar-ci.org\/wp-content\/uploads\/2023\/07\/hand-square.jpg 759w, https:\/\/eckankar-ci.org\/wp-content\/uploads\/2023\/07\/hand-square-300x300.jpg 300w, https:\/\/eckankar-ci.org\/wp-content\/uploads\/2023\/07\/hand-square-150x150.jpg 150w, https:\/\/eckankar-ci.org\/wp-content\/uploads\/2023\/07\/hand-square-500x500.jpg 500w, https:\/\/eckankar-ci.org\/wp-content\/uploads\/2023\/07\/hand-square-350x350.jpg 350w, https:\/\/eckankar-ci.org\/wp-content\/uploads\/2023\/07\/hand-square-600x600.jpg 600w, https:\/\/eckankar-ci.org\/wp-content\/uploads\/2023\/07\/hand-square-100x100.jpg 100w, https:\/\/eckankar-ci.org\/wp-content\/uploads\/2023\/07\/hand-square-370x370.jpg 370w, https:\/\/eckankar-ci.org\/wp-content\/uploads\/2023\/07\/hand-square-740x740.jpg 740w, https:\/\/eckankar-ci.org\/wp-content\/uploads\/2023\/07\/hand-square-75x75.jpg 75w, https:\/\/eckankar-ci.org\/wp-content\/uploads\/2023\/07\/elementor\/thumbs\/hand-square-q9co4x3to23iespbe2l692dt5phz4959orvh6csz6y.jpg 177w\" sizes=\"(max-width: 759px) 100vw, 759px\" \/>\t\t\t\t\t\t\t\t\t\t\t\t\t\t\t<\/div>\n\t\t\t\t<\/div>\n\t\t\t\t<\/div>\n\t\t\t\t\t<\/div>\n\t\t\t\t<\/div>\n\t\t<div class=\"elementor-element elementor-element-dd02f5b e-flex e-con-boxed wpr-particle-no wpr-jarallax-no wpr-parallax-no wpr-sticky-section-no e-con e-parent\" data-id=\"dd02f5b\" data-element_type=\"container\" data-e-type=\"container\">\n\t\t\t\t\t<div class=\"e-con-inner\">\n\t\t\t\t\t<\/div>\n\t\t\t\t<\/div>\n\t\t<div class=\"elementor-element elementor-element-d8d392b e-flex e-con-boxed wpr-particle-no wpr-jarallax-no wpr-parallax-no wpr-sticky-section-no e-con e-parent\" data-id=\"d8d392b\" data-element_type=\"container\" data-e-type=\"container\">\n\t\t\t\t\t<div class=\"e-con-inner\">\n\t\t<div class=\"elementor-element elementor-element-63daad5 e-con-full e-flex wpr-particle-no wpr-jarallax-no wpr-parallax-no wpr-sticky-section-no e-con e-child\" data-id=\"63daad5\" data-element_type=\"container\" data-e-type=\"container\">\n\t\t\t\t<div class=\"elementor-element elementor-element-abe4a65 elementor-drop-cap-yes elementor-widget__width-initial elementor-widget-mobile__width-initial elementor-drop-cap-view-default elementor-invisible elementor-widget elementor-widget-text-editor\" data-id=\"abe4a65\" data-element_type=\"widget\" data-e-type=\"widget\" data-settings=\"{&quot;_animation&quot;:&quot;fadeIn&quot;,&quot;drop_cap&quot;:&quot;yes&quot;}\" data-widget_type=\"text-editor.default\">\n\t\t\t\t<div class=\"elementor-widget-container\">\n\t\t\t\t\t\t\t\t\t<h1 style=\"text-align: left;\"><span style=\"color: #032c85;\">Qui est le conf\u00e9rencier principal ?<\/span><\/h1>\t\t\t\t\t\t\t\t<\/div>\n\t\t\t\t<\/div>\n\t\t\t\t<\/div>\n\t\t\t\t\t<\/div>\n\t\t\t\t<\/div>\n\t\t<div class=\"elementor-element elementor-element-413710d e-con-full e-flex wpr-particle-no wpr-jarallax-no wpr-parallax-no wpr-sticky-section-no e-con e-parent\" data-id=\"413710d\" data-element_type=\"container\" data-e-type=\"container\">\n\t\t<div class=\"elementor-element elementor-element-24d55ec e-con-full e-flex wpr-particle-no wpr-jarallax-no wpr-parallax-no wpr-sticky-section-no e-con e-child\" data-id=\"24d55ec\" data-element_type=\"container\" data-e-type=\"container\">\n\t\t\t\t<div class=\"elementor-element elementor-element-66283b9 elementor-widget__width-initial elementor-widget elementor-widget-image\" data-id=\"66283b9\" data-element_type=\"widget\" data-e-type=\"widget\" data-settings=\"{&quot;_animation&quot;:&quot;none&quot;}\" data-widget_type=\"image.default\">\n\t\t\t\t<div class=\"elementor-widget-container\">\n\t\t\t\t\t\t\t\t\t\t\t\t<figure class=\"wp-caption\">\n\t\t\t\t\t\t\t\t\t\t<img loading=\"lazy\" decoding=\"async\" width=\"770\" height=\"994\" src=\"https:\/\/eckankar-ci.org\/wp-content\/uploads\/2025\/12\/IMG_7543.jpg\" class=\"attachment-large size-large wp-image-5716\" alt=\"\" srcset=\"https:\/\/eckankar-ci.org\/wp-content\/uploads\/2025\/12\/IMG_7543.jpg 770w, https:\/\/eckankar-ci.org\/wp-content\/uploads\/2025\/12\/IMG_7543-232x300.jpg 232w, https:\/\/eckankar-ci.org\/wp-content\/uploads\/2025\/12\/IMG_7543-768x991.jpg 768w, https:\/\/eckankar-ci.org\/wp-content\/uploads\/2025\/12\/IMG_7543-600x775.jpg 600w, https:\/\/eckankar-ci.org\/wp-content\/uploads\/2025\/12\/IMG_7543-370x478.jpg 370w, https:\/\/eckankar-ci.org\/wp-content\/uploads\/2025\/12\/IMG_7543-740x955.jpg 740w\" sizes=\"(max-width: 770px) 100vw, 770px\" \/>\t\t\t\t\t\t\t\t\t\t\t<figcaption class=\"widget-image-caption wp-caption-text\"><\/figcaption>\n\t\t\t\t\t\t\t\t\t\t<\/figure>\n\t\t\t\t\t\t\t\t\t<\/div>\n\t\t\t\t<\/div>\n\t\t\t\t<div class=\"elementor-element elementor-element-b79b8b1 elementor-widget__width-initial elementor-widget elementor-widget-text-editor\" data-id=\"b79b8b1\" data-element_type=\"widget\" data-e-type=\"widget\" data-widget_type=\"text-editor.default\">\n\t\t\t\t<div class=\"elementor-widget-container\">\n\t\t\t\t\t\t\t\t\t<h6 style=\"text-align: center;\"><strong>Gnamien Boni<\/strong><\/h6>\t\t\t\t\t\t\t\t<\/div>\n\t\t\t\t<\/div>\n\t\t\t\t<\/div>\n\t\t<div class=\"elementor-element elementor-element-ec370c8 e-con-full e-flex wpr-particle-no wpr-jarallax-no wpr-parallax-no wpr-sticky-section-no elementor-invisible e-con e-child\" data-id=\"ec370c8\" data-element_type=\"container\" data-e-type=\"container\" data-settings=\"{&quot;animation&quot;:&quot;fadeIn&quot;}\">\n\t\t\t\t<div class=\"elementor-element elementor-element-a18712a elementor-widget__width-initial elementor-widget-mobile__width-initial elementor-widget elementor-widget-text-editor\" data-id=\"a18712a\" data-element_type=\"widget\" data-e-type=\"widget\" data-widget_type=\"text-editor.default\">\n\t\t\t\t<div class=\"elementor-widget-container\">\n\t\t\t\t\t\t\t\t\t<p><strong>Gnamien Boni<\/strong> est membre du clerg\u00e9 d\u2019ECKANKAR et \u00e9tudiant ECK de longue date. Il a d\u00e9couvert les enseignements en 1990, au d\u00e9but de son parcours universitaire, et y a trouv\u00e9 une source in\u00e9puisable de guidance int\u00e9rieure et d\u2019amour divin.<\/p><p>Son amour pour les\u00a0 enseignements ECK l\u2019a conduit \u00e0 embrasser diverses responsabilit\u00e9s de service et de leadership au sein de la communaut\u00e9 : c\u00e9l\u00e9brant\u00a0 des Offices ECK de la Lumi\u00e8re et du Son, responsable missionnaire et formateur. Lors des congr\u00e8s, il contribue \u00e9galement avec plaisir comme responsable multim\u00e9dia, conf\u00e9rencier ou animateur d\u2019ateliers.<\/p><p>Pour lui, chaque congr\u00e8s ECK est une occasion privil\u00e9gi\u00e9e de b\u00e9n\u00e9diction divine, de partage d\u2019amour et de croissance spirituelle. C\u2019est donc avec un coeur plein de gratitude qu\u2019il partagera, \u00e0 ce congr\u00e8s r\u00e9gional de l\u2019Aventure de l\u2019\u00c2me, des cl\u00e9s pr\u00e9cieuses permettant d\u2019exp\u00e9rimenter concr\u00e8tement les\u00a0 manifestations de l\u2019Esprit divin dans la vie quotidienne<\/p>\t\t\t\t\t\t\t\t<\/div>\n\t\t\t\t<\/div>\n\t\t\t\t<\/div>\n\t\t\t\t<\/div>\n\t\t<div class=\"elementor-element elementor-element-95388cf e-flex e-con-boxed wpr-particle-no wpr-jarallax-no wpr-parallax-no wpr-sticky-section-no e-con e-parent\" data-id=\"95388cf\" data-element_type=\"container\" data-e-type=\"container\">\n\t\t\t\t\t<div class=\"e-con-inner\">\n\t\t\t\t\t<\/div>\n\t\t\t\t<\/div>\n\t\t<div class=\"elementor-element elementor-element-57e432c e-flex e-con-boxed wpr-particle-no wpr-jarallax-no wpr-parallax-no wpr-sticky-section-no e-con e-parent\" data-id=\"57e432c\" data-element_type=\"container\" data-e-type=\"container\">\n\t\t\t\t\t<div class=\"e-con-inner\">\n\t\t\t\t\t<\/div>\n\t\t\t\t<\/div>\n\t\t<div class=\"elementor-element elementor-element-0b3f3eb e-flex e-con-boxed wpr-particle-no wpr-jarallax-no wpr-parallax-no wpr-sticky-section-no e-con e-parent\" data-id=\"0b3f3eb\" data-element_type=\"container\" data-e-type=\"container\">\n\t\t\t\t\t<div class=\"e-con-inner\">\n\t\t\t\t\t<\/div>\n\t\t\t\t<\/div>\n\t\t<div class=\"elementor-element elementor-element-11f5b97 e-flex e-con-boxed wpr-particle-no wpr-jarallax-no wpr-parallax-no wpr-sticky-section-no e-con e-parent\" data-id=\"11f5b97\" data-element_type=\"container\" data-e-type=\"container\">\n\t\t\t\t\t<div class=\"e-con-inner\">\n\t\t<div class=\"elementor-element elementor-element-b564fbf e-con-full e-flex wpr-particle-no wpr-jarallax-no wpr-parallax-no wpr-sticky-section-no e-con e-child\" data-id=\"b564fbf\" data-element_type=\"container\" data-e-type=\"container\">\n\t\t\t\t<div class=\"elementor-element elementor-element-00b7489 elementor-widget__width-initial elementor-absolute elementor-widget-mobile__width-initial elementor-widget-tablet__width-initial elementor-widget elementor-widget-image\" data-id=\"00b7489\" data-element_type=\"widget\" data-e-type=\"widget\" data-settings=\"{&quot;_position&quot;:&quot;absolute&quot;}\" data-widget_type=\"image.default\">\n\t\t\t\t<div class=\"elementor-widget-container\">\n\t\t\t\t\t\t\t\t\t\t\t\t\t\t\t<img loading=\"lazy\" decoding=\"async\" width=\"707\" height=\"1024\" src=\"https:\/\/eckankar-ci.org\/wp-content\/uploads\/2025\/11\/WhatsApp-Image-2025-11-29-at-17.28.19-707x1024.jpeg\" class=\"attachment-large size-large wp-image-5678\" alt=\"\" srcset=\"https:\/\/eckankar-ci.org\/wp-content\/uploads\/2025\/11\/WhatsApp-Image-2025-11-29-at-17.28.19-707x1024.jpeg 707w, https:\/\/eckankar-ci.org\/wp-content\/uploads\/2025\/11\/WhatsApp-Image-2025-11-29-at-17.28.19-207x300.jpeg 207w, https:\/\/eckankar-ci.org\/wp-content\/uploads\/2025\/11\/WhatsApp-Image-2025-11-29-at-17.28.19-600x869.jpeg 600w, https:\/\/eckankar-ci.org\/wp-content\/uploads\/2025\/11\/WhatsApp-Image-2025-11-29-at-17.28.19-370x536.jpeg 370w, https:\/\/eckankar-ci.org\/wp-content\/uploads\/2025\/11\/WhatsApp-Image-2025-11-29-at-17.28.19-740x1071.jpeg 740w, https:\/\/eckankar-ci.org\/wp-content\/uploads\/2025\/11\/WhatsApp-Image-2025-11-29-at-17.28.19.jpeg 746w\" sizes=\"(max-width: 707px) 100vw, 707px\" \/>\t\t\t\t\t\t\t\t\t\t\t\t\t\t\t<\/div>\n\t\t\t\t<\/div>\n\t\t\t\t<\/div>\n\t\t\t\t\t<\/div>\n\t\t\t\t<\/div>\n\t\t<div class=\"elementor-element elementor-element-ab692e1 e-flex e-con-boxed wpr-particle-no wpr-jarallax-no wpr-parallax-no wpr-sticky-section-no e-con e-parent\" data-id=\"ab692e1\" data-element_type=\"container\" data-e-type=\"container\" data-settings=\"{&quot;background_background&quot;:&quot;classic&quot;}\">\n\t\t\t\t\t<div class=\"e-con-inner\">\n\t\t<div class=\"elementor-element elementor-element-ee5bfff e-con-full e-flex wpr-particle-no wpr-jarallax-no wpr-parallax-no wpr-sticky-section-no e-con e-child\" data-id=\"ee5bfff\" data-element_type=\"container\" data-e-type=\"container\">\n\t\t\t\t<\/div>\n\t\t<div class=\"elementor-element elementor-element-7c7ee67 e-con-full e-flex wpr-particle-no wpr-jarallax-no wpr-parallax-no wpr-sticky-section-no e-con e-child\" data-id=\"7c7ee67\" data-element_type=\"container\" data-e-type=\"container\">\n\t\t\t\t<div class=\"elementor-element elementor-element-850c249 elementor-widget elementor-widget-text-editor\" data-id=\"850c249\" data-element_type=\"widget\" data-e-type=\"widget\" data-widget_type=\"text-editor.default\">\n\t\t\t\t<div class=\"elementor-widget-container\">\n\t\t\t\t\t\t\t\t\t<h5><strong>Aper\u00e7u du programme<br \/><\/strong><\/h5><h6>Exp\u00e9rimentez la voix s\u00e9cr\u00e8te de Dieu<\/h6><p>D\u00e9couvrez ce que vous vivrez lors de ce congr\u00e8s ECK de\u00a0 l&#8217;aventure de l&#8217;Ame, notamment des panels, des pr\u00e9sentations inspirantes, des spectacles musicaux et bien plus encore !<\/p><p><a href=\"https:\/\/eckankar-ci.org\/wp-content\/uploads\/2025\/11\/BROCHURE_CERAA_26-1.pdf\" target=\"_blank\" rel=\"noopener\">T\u00e9l\u00e9chargez le prospectus du congr\u00e8s ici<\/a>\u00a0<\/p>\t\t\t\t\t\t\t\t<\/div>\n\t\t\t\t<\/div>\n\t\t\t\t<\/div>\n\t\t\t\t\t<\/div>\n\t\t\t\t<\/div>\n\t\t<div class=\"elementor-element elementor-element-eadc64c e-flex e-con-boxed wpr-particle-no wpr-jarallax-no wpr-parallax-no wpr-sticky-section-no e-con e-parent\" data-id=\"eadc64c\" data-element_type=\"container\" data-e-type=\"container\">\n\t\t\t\t\t<div class=\"e-con-inner\">\n\t\t\t\t<div class=\"elementor-element elementor-element-fcceb0a elementor-widget elementor-widget-spacer\" data-id=\"fcceb0a\" data-element_type=\"widget\" data-e-type=\"widget\" data-widget_type=\"spacer.default\">\n\t\t\t\t<div class=\"elementor-widget-container\">\n\t\t\t\t\t\t\t<div class=\"elementor-spacer\">\n\t\t\t<div class=\"elementor-spacer-inner\"><\/div>\n\t\t<\/div>\n\t\t\t\t\t\t<\/div>\n\t\t\t\t<\/div>\n\t\t\t\t\t<\/div>\n\t\t\t\t<\/div>\n\t\t<div class=\"elementor-element elementor-element-da56068 e-flex e-con-boxed wpr-particle-no wpr-jarallax-no wpr-parallax-no wpr-sticky-section-no e-con e-parent\" data-id=\"da56068\" data-element_type=\"container\" data-e-type=\"container\">\n\t\t\t\t\t<div class=\"e-con-inner\">\n\t\t<div class=\"elementor-element elementor-element-4474ca2 e-con-full e-flex wpr-particle-no wpr-jarallax-no wpr-parallax-no wpr-sticky-section-no e-con e-child\" data-id=\"4474ca2\" data-element_type=\"container\" data-e-type=\"container\">\n\t\t\t\t<div class=\"elementor-element elementor-element-85e6ea1 elementor-widget__width-initial elementor-widget elementor-widget-image\" data-id=\"85e6ea1\" data-element_type=\"widget\" data-e-type=\"widget\" data-widget_type=\"image.default\">\n\t\t\t\t<div class=\"elementor-widget-container\">\n\t\t\t\t\t\t\t\t\t\t\t\t\t\t\t<img loading=\"lazy\" decoding=\"async\" width=\"527\" height=\"359\" src=\"https:\/\/eckankar-ci.org\/wp-content\/uploads\/2025\/11\/enfant.png\" class=\"attachment-large size-large wp-image-5682\" alt=\"\" srcset=\"https:\/\/eckankar-ci.org\/wp-content\/uploads\/2025\/11\/enfant.png 527w, https:\/\/eckankar-ci.org\/wp-content\/uploads\/2025\/11\/enfant-300x204.png 300w, https:\/\/eckankar-ci.org\/wp-content\/uploads\/2025\/11\/enfant-474x324.png 474w, https:\/\/eckankar-ci.org\/wp-content\/uploads\/2025\/11\/enfant-370x252.png 370w\" sizes=\"(max-width: 527px) 100vw, 527px\" \/>\t\t\t\t\t\t\t\t\t\t\t\t\t\t\t<\/div>\n\t\t\t\t<\/div>\n\t\t\t\t<\/div>\n\t\t<div class=\"elementor-element elementor-element-dd8073d e-con-full e-flex wpr-particle-no wpr-jarallax-no wpr-parallax-no wpr-sticky-section-no e-con e-child\" data-id=\"dd8073d\" data-element_type=\"container\" data-e-type=\"container\">\n\t\t\t\t<div class=\"elementor-element elementor-element-ce77179 elementor-widget elementor-widget-text-editor\" data-id=\"ce77179\" data-element_type=\"widget\" data-e-type=\"widget\" data-widget_type=\"text-editor.default\">\n\t\t\t\t<div class=\"elementor-widget-container\">\n\t\t\t\t\t\t\t\t\tUn programme amusant et cr\u00e9atif pour les jeunes\t\t\t\t\t\t\t\t<\/div>\n\t\t\t\t<\/div>\n\t\t\t\t<div class=\"elementor-element elementor-element-6171982 elementor-widget__width-initial elementor-widget elementor-widget-text-editor\" data-id=\"6171982\" data-element_type=\"widget\" data-e-type=\"widget\" data-widget_type=\"text-editor.default\">\n\t\t\t\t<div class=\"elementor-widget-container\">\n\t\t\t\t\t\t\t\t\tD\u00e9couvrez et participez \u00e0 des sessions inspirantes pour les enfants et les adolescents, \u00e2g\u00e9s de 5 \u00e0 17 ans ;\n<ul>\n \t<li>Un programme amusant adapt\u00e9 \u00e0 chaque tranche d&#8217;age ( 5-8 ans, 9- 13 ans et 14-17ans) ;<\/li> <br>\n \t<li>Une salle familiale pour les parents d&#8217;enfants de moins de 5 ans, avec un circuit vid\u00e9o permettant de suivre les activit\u00e9s de la salle principale ;<\/li><br>\n \t<li>Des histoires, des jeux, de la cr\u00e9ativit\u00e9\u00a0 pour aider les enfants \u00e0 explorer leur imagination divine en tant qu&#8217;Ame ;<\/li>\n<\/ul>\t\t\t\t\t\t\t\t<\/div>\n\t\t\t\t<\/div>\n\t\t\t\t<\/div>\n\t\t\t\t\t<\/div>\n\t\t\t\t<\/div>\n\t\t<div class=\"elementor-element elementor-element-bb58614 e-flex e-con-boxed wpr-particle-no wpr-jarallax-no wpr-parallax-no wpr-sticky-section-no e-con e-parent\" data-id=\"bb58614\" data-element_type=\"container\" data-e-type=\"container\">\n\t\t\t\t\t<div class=\"e-con-inner\">\n\t\t\t\t\t<\/div>\n\t\t\t\t<\/div>\n\t\t<div class=\"elementor-element elementor-element-83c6da3 e-con-full e-flex wpr-particle-no wpr-jarallax-no wpr-parallax-no wpr-sticky-section-no e-con e-parent\" data-id=\"83c6da3\" data-element_type=\"container\" data-e-type=\"container\">\n\t\t\t\t<div class=\"elementor-element elementor-element-169adec elementor-widget__width-initial elementor-widget elementor-widget-image\" data-id=\"169adec\" data-element_type=\"widget\" data-e-type=\"widget\" data-widget_type=\"image.default\">\n\t\t\t\t<div class=\"elementor-widget-container\">\n\t\t\t\t\t\t\t\t\t\t\t\t<figure class=\"wp-caption\">\n\t\t\t\t\t\t\t\t\t\t<img loading=\"lazy\" decoding=\"async\" width=\"720\" height=\"480\" src=\"https:\/\/eckankar-ci.org\/wp-content\/uploads\/2025\/11\/eckankar.png\" class=\"attachment-large size-large wp-image-5683\" alt=\"\" srcset=\"https:\/\/eckankar-ci.org\/wp-content\/uploads\/2025\/11\/eckankar.png 720w, https:\/\/eckankar-ci.org\/wp-content\/uploads\/2025\/11\/eckankar-300x200.png 300w, https:\/\/eckankar-ci.org\/wp-content\/uploads\/2025\/11\/eckankar-391x260.png 391w, https:\/\/eckankar-ci.org\/wp-content\/uploads\/2025\/11\/eckankar-600x400.png 600w, https:\/\/eckankar-ci.org\/wp-content\/uploads\/2025\/11\/eckankar-370x247.png 370w\" sizes=\"(max-width: 720px) 100vw, 720px\" \/>\t\t\t\t\t\t\t\t\t\t\t<figcaption class=\"widget-image-caption wp-caption-text\">Centre ECK de la Riviera Palmeraie Abidjan - C\u00f4te d\u2019Ivoire<\/figcaption>\n\t\t\t\t\t\t\t\t\t\t<\/figure>\n\t\t\t\t\t\t\t\t\t<\/div>\n\t\t\t\t<\/div>\n\t\t\t\t<\/div>\n\t\t<div class=\"elementor-element elementor-element-e627551 e-flex e-con-boxed wpr-particle-no wpr-jarallax-no wpr-parallax-no wpr-sticky-section-no e-con e-parent\" data-id=\"e627551\" data-element_type=\"container\" data-e-type=\"container\">\n\t\t\t\t\t<div class=\"e-con-inner\">\n\t\t\t\t<div class=\"elementor-element elementor-element-422cf59 elementor-widget elementor-widget-google_maps\" data-id=\"422cf59\" data-element_type=\"widget\" data-e-type=\"widget\" data-widget_type=\"google_maps.default\">\n\t\t\t\t<div class=\"elementor-widget-container\">\n\t\t\t\t\t\t\t<div class=\"elementor-custom-embed\">\n\t\t\t<iframe loading=\"lazy\"\n\t\t\t\t\tsrc=\"https:\/\/maps.google.com\/maps?q=eckankar%20c%C3%B4te%20d%27ivoire&#038;t=m&#038;z=19&#038;output=embed&#038;iwloc=near\"\n\t\t\t\t\ttitle=\"eckankar c\u00f4te d&#039;ivoire\"\n\t\t\t\t\taria-label=\"eckankar c\u00f4te d&#039;ivoire\"\n\t\t\t><\/iframe>\n\t\t<\/div>\n\t\t\t\t\t\t<\/div>\n\t\t\t\t<\/div>\n\t\t\t\t\t<\/div>\n\t\t\t\t<\/div>\n\t\t<div class=\"elementor-element elementor-element-e928602 e-flex e-con-boxed wpr-particle-no wpr-jarallax-no wpr-parallax-no wpr-sticky-section-no e-con e-parent\" data-id=\"e928602\" data-element_type=\"container\" data-e-type=\"container\">\n\t\t\t\t\t<div class=\"e-con-inner\">\n\t\t\t\t\t<\/div>\n\t\t\t\t<\/div>\n\t\t\t\t<\/div>\n\t\t","protected":false},"excerpt":{"rendered":"<p>Congr\u00e8s ECK r\u00e9gional de l&#8217;Aventure de l\u2019Ame Exp\u00e9rimentez la voix secr\u00e8te de Dieu POUR UNE VIE SPIRITUELLE PLUS EPANOUIE 6, 7 et 8 mars 2026 Centre ECK de la Riviera Palmeraie, Abidjan, C\u00f4te d&#8217;Ivoire La lumi\u00e8re et le Son constituent la Voix de Dieu, l&#8217;expression de l&#8217;amour que Dieu a pour nous. Ils renferment l&#8217;amour<\/p>\n","protected":false},"author":1,"featured_media":0,"parent":0,"menu_order":0,"comment_status":"closed","ping_status":"closed","template":"","meta":{"_acf_changed":false,"_eb_attr":"","_monsterinsights_skip_tracking":false,"_monsterinsights_sitenote_active":false,"_monsterinsights_sitenote_note":"","_monsterinsights_sitenote_category":0,"site-sidebar-layout":"no-sidebar","site-content-layout":"plain-container","ast-site-content-layout":"normal-width-container","site-content-style":"unboxed","site-sidebar-style":"unboxed","ast-global-header-display":"","ast-banner-title-visibility":"","ast-main-header-display":"","ast-hfb-above-header-display":"","ast-hfb-below-header-display":"","ast-hfb-mobile-header-display":"","site-post-title":"disabled","ast-breadcrumbs-content":"","ast-featured-img":"disabled","footer-sml-layout":"","theme-transparent-header-meta":"default","adv-header-id-meta":"","stick-header-meta":"default","header-above-stick-meta":"","header-main-stick-meta":"","header-below-stick-meta":"","astra-migrate-meta-layouts":"set","ast-page-background-enabled":"default","ast-page-background-meta":{"desktop":{"background-color":"var(--ast-global-color-4)","background-image":"","background-repeat":"repeat","background-position":"center center","background-size":"auto","background-attachment":"scroll","background-type":"","background-media":"","overlay-type":"","overlay-color":"","overlay-opacity":"","overlay-gradient":""},"tablet":{"background-color":"","background-image":"","background-repeat":"repeat","background-position":"center center","background-size":"auto","background-attachment":"scroll","background-type":"","background-media":"","overlay-type":"","overlay-color":"","overlay-opacity":"","overlay-gradient":""},"mobile":{"background-color":"","background-image":"","background-repeat":"repeat","background-position":"center center","background-size":"auto","background-attachment":"scroll","background-type":"","background-media":"","overlay-type":"","overlay-color":"","overlay-opacity":"","overlay-gradient":""}},"ast-content-background-meta":{"desktop":{"background-color":"var(--ast-global-color-5)","background-image":"","background-repeat":"repeat","background-position":"center center","background-size":"auto","background-attachment":"scroll","background-type":"","background-media":"","overlay-type":"","overlay-color":"","overlay-opacity":"","overlay-gradient":""},"tablet":{"background-color":"var(--ast-global-color-5)","background-image":"","background-repeat":"repeat","background-position":"center center","background-size":"auto","background-attachment":"scroll","background-type":"","background-media":"","overlay-type":"","overlay-color":"","overlay-opacity":"","overlay-gradient":""},"mobile":{"background-color":"var(--ast-global-color-5)","background-image":"","background-repeat":"repeat","background-position":"center center","background-size":"auto","background-attachment":"scroll","background-type":"","background-media":"","overlay-type":"","overlay-color":"","overlay-opacity":"","overlay-gradient":""}},"_price":"","_stock":"","_tribe_ticket_header":"","_tribe_default_ticket_provider":"","_tribe_ticket_capacity":"0","_ticket_start_date":"","_ticket_end_date":"","_tribe_ticket_show_description":"","_tribe_ticket_show_not_going":false,"_tribe_ticket_use_global_stock":"","_tribe_ticket_global_stock_level":"","_global_stock_mode":"","_global_stock_cap":"","_tribe_rsvp_for_event":"","_tribe_ticket_going_count":"","_tribe_ticket_not_going_count":"","_tribe_tickets_list":"[]","_tribe_ticket_has_attendee_info_fields":false,"footnotes":"","_tec_slr_enabled":"","_tec_slr_layout":""},"class_list":["post-5676","page","type-page","status-publish","hentry"],"acf":[],"yoast_head":"<!-- This site is optimized with the Yoast SEO plugin v26.4 - https:\/\/yoast.com\/wordpress\/plugins\/seo\/ -->\n<title>Congr\u00e8s ECK de l\u2019Aventure de l\u2019Ame -<\/title>\n<meta name=\"robots\" content=\"index, follow, max-snippet:-1, max-image-preview:large, max-video-preview:-1\" \/>\n<link rel=\"canonical\" href=\"https:\/\/eckankar-ci.org\/congres-eck-de-laventure-de-lame\/\" \/>\n<meta property=\"og:locale\" content=\"fr_FR\" \/>\n<meta property=\"og:type\" content=\"article\" \/>\n<meta property=\"og:title\" content=\"Congr\u00e8s ECK de l\u2019Aventure de l\u2019Ame -\" \/>\n<meta property=\"og:description\" content=\"Congr\u00e8s ECK r\u00e9gional de l&#8217;Aventure de l\u2019Ame Exp\u00e9rimentez la voix secr\u00e8te de Dieu POUR UNE VIE SPIRITUELLE PLUS EPANOUIE 6, 7 et 8 mars 2026 Centre ECK de la Riviera Palmeraie, Abidjan, C\u00f4te d&#8217;Ivoire La lumi\u00e8re et le Son constituent la Voix de Dieu, l&#8217;expression de l&#8217;amour que Dieu a pour nous. Ils renferment l&#8217;amour\" \/>\n<meta property=\"og:url\" content=\"https:\/\/eckankar-ci.org\/congres-eck-de-laventure-de-lame\/\" \/>\n<meta property=\"article:modified_time\" content=\"2025-12-02T00:22:00+00:00\" \/>\n<meta property=\"og:image\" content=\"https:\/\/eckankar-ci.org\/wp-content\/uploads\/2023\/11\/Image20231107231134.png\" \/>\n\t<meta property=\"og:image:width\" content=\"1500\" \/>\n\t<meta property=\"og:image:height\" content=\"583\" \/>\n\t<meta property=\"og:image:type\" content=\"image\/png\" \/>\n<meta name=\"twitter:card\" content=\"summary_large_image\" \/>\n<meta name=\"twitter:label1\" content=\"Dur\u00e9e de lecture estim\u00e9e\" \/>\n\t<meta name=\"twitter:data1\" content=\"5 minutes\" \/>\n<script type=\"application\/ld+json\" class=\"yoast-schema-graph\">{\"@context\":\"https:\/\/schema.org\",\"@graph\":[{\"@type\":\"WebPage\",\"@id\":\"https:\/\/eckankar-ci.org\/congres-eck-de-laventure-de-lame\/\",\"url\":\"https:\/\/eckankar-ci.org\/congres-eck-de-laventure-de-lame\/\",\"name\":\"Congr\u00e8s ECK de l\u2019Aventure de l\u2019Ame -\",\"isPartOf\":{\"@id\":\"https:\/\/eckankar-ci.org\/#website\"},\"primaryImageOfPage\":{\"@id\":\"https:\/\/eckankar-ci.org\/congres-eck-de-laventure-de-lame\/#primaryimage\"},\"image\":{\"@id\":\"https:\/\/eckankar-ci.org\/congres-eck-de-laventure-de-lame\/#primaryimage\"},\"thumbnailUrl\":\"https:\/\/eckankar-ci.org\/wp-content\/uploads\/2023\/11\/Image20231107231134-1024x398.png\",\"datePublished\":\"2025-11-30T11:51:39+00:00\",\"dateModified\":\"2025-12-02T00:22:00+00:00\",\"breadcrumb\":{\"@id\":\"https:\/\/eckankar-ci.org\/congres-eck-de-laventure-de-lame\/#breadcrumb\"},\"inLanguage\":\"fr-FR\",\"potentialAction\":[{\"@type\":\"ReadAction\",\"target\":[\"https:\/\/eckankar-ci.org\/congres-eck-de-laventure-de-lame\/\"]}]},{\"@type\":\"ImageObject\",\"inLanguage\":\"fr-FR\",\"@id\":\"https:\/\/eckankar-ci.org\/congres-eck-de-laventure-de-lame\/#primaryimage\",\"url\":\"https:\/\/eckankar-ci.org\/wp-content\/uploads\/2023\/11\/Image20231107231134.png\",\"contentUrl\":\"https:\/\/eckankar-ci.org\/wp-content\/uploads\/2023\/11\/Image20231107231134.png\",\"width\":1500,\"height\":583},{\"@type\":\"BreadcrumbList\",\"@id\":\"https:\/\/eckankar-ci.org\/congres-eck-de-laventure-de-lame\/#breadcrumb\",\"itemListElement\":[{\"@type\":\"ListItem\",\"position\":1,\"name\":\"Accueil\",\"item\":\"https:\/\/eckankar-ci.org\/\"},{\"@type\":\"ListItem\",\"position\":2,\"name\":\"Congr\u00e8s ECK de l\u2019Aventure de l\u2019Ame\"}]},{\"@type\":\"WebSite\",\"@id\":\"https:\/\/eckankar-ci.org\/#website\",\"url\":\"https:\/\/eckankar-ci.org\/\",\"name\":\"ECKANKAR COTE D'IVOIRE\",\"description\":\"\",\"publisher\":{\"@id\":\"https:\/\/eckankar-ci.org\/#organization\"},\"potentialAction\":[{\"@type\":\"SearchAction\",\"target\":{\"@type\":\"EntryPoint\",\"urlTemplate\":\"https:\/\/eckankar-ci.org\/?s={search_term_string}\"},\"query-input\":{\"@type\":\"PropertyValueSpecification\",\"valueRequired\":true,\"valueName\":\"search_term_string\"}}],\"inLanguage\":\"fr-FR\"},{\"@type\":\"Organization\",\"@id\":\"https:\/\/eckankar-ci.org\/#organization\",\"name\":\"ECKANKAR COTE D'IVOIRE\",\"url\":\"https:\/\/eckankar-ci.org\/\",\"logo\":{\"@type\":\"ImageObject\",\"inLanguage\":\"fr-FR\",\"@id\":\"https:\/\/eckankar-ci.org\/#\/schema\/logo\/image\/\",\"url\":\"https:\/\/eckankar-ci.org\/wp-content\/uploads\/2017\/11\/cropped-EK-Logo_Hrz_blue_gold_FINAL.png\",\"contentUrl\":\"https:\/\/eckankar-ci.org\/wp-content\/uploads\/2017\/11\/cropped-EK-Logo_Hrz_blue_gold_FINAL.png\",\"width\":689,\"height\":154,\"caption\":\"ECKANKAR COTE D'IVOIRE\"},\"image\":{\"@id\":\"https:\/\/eckankar-ci.org\/#\/schema\/logo\/image\/\"}}]}<\/script>\n<!-- \/ Yoast SEO plugin. -->","yoast_head_json":{"title":"Congr\u00e8s ECK de l\u2019Aventure de l\u2019Ame -","robots":{"index":"index","follow":"follow","max-snippet":"max-snippet:-1","max-image-preview":"max-image-preview:large","max-video-preview":"max-video-preview:-1"},"canonical":"https:\/\/eckankar-ci.org\/congres-eck-de-laventure-de-lame\/","og_locale":"fr_FR","og_type":"article","og_title":"Congr\u00e8s ECK de l\u2019Aventure de l\u2019Ame -","og_description":"Congr\u00e8s ECK r\u00e9gional de l&#8217;Aventure de l\u2019Ame Exp\u00e9rimentez la voix secr\u00e8te de Dieu POUR UNE VIE SPIRITUELLE PLUS EPANOUIE 6, 7 et 8 mars 2026 Centre ECK de la Riviera Palmeraie, Abidjan, C\u00f4te d&#8217;Ivoire La lumi\u00e8re et le Son constituent la Voix de Dieu, l&#8217;expression de l&#8217;amour que Dieu a pour nous. Ils renferment l&#8217;amour","og_url":"https:\/\/eckankar-ci.org\/congres-eck-de-laventure-de-lame\/","article_modified_time":"2025-12-02T00:22:00+00:00","og_image":[{"width":1500,"height":583,"url":"https:\/\/eckankar-ci.org\/wp-content\/uploads\/2023\/11\/Image20231107231134.png","type":"image\/png"}],"twitter_card":"summary_large_image","twitter_misc":{"Dur\u00e9e de lecture estim\u00e9e":"5 minutes"},"schema":{"@context":"https:\/\/schema.org","@graph":[{"@type":"WebPage","@id":"https:\/\/eckankar-ci.org\/congres-eck-de-laventure-de-lame\/","url":"https:\/\/eckankar-ci.org\/congres-eck-de-laventure-de-lame\/","name":"Congr\u00e8s ECK de l\u2019Aventure de l\u2019Ame -","isPartOf":{"@id":"https:\/\/eckankar-ci.org\/#website"},"primaryImageOfPage":{"@id":"https:\/\/eckankar-ci.org\/congres-eck-de-laventure-de-lame\/#primaryimage"},"image":{"@id":"https:\/\/eckankar-ci.org\/congres-eck-de-laventure-de-lame\/#primaryimage"},"thumbnailUrl":"https:\/\/eckankar-ci.org\/wp-content\/uploads\/2023\/11\/Image20231107231134-1024x398.png","datePublished":"2025-11-30T11:51:39+00:00","dateModified":"2025-12-02T00:22:00+00:00","breadcrumb":{"@id":"https:\/\/eckankar-ci.org\/congres-eck-de-laventure-de-lame\/#breadcrumb"},"inLanguage":"fr-FR","potentialAction":[{"@type":"ReadAction","target":["https:\/\/eckankar-ci.org\/congres-eck-de-laventure-de-lame\/"]}]},{"@type":"ImageObject","inLanguage":"fr-FR","@id":"https:\/\/eckankar-ci.org\/congres-eck-de-laventure-de-lame\/#primaryimage","url":"https:\/\/eckankar-ci.org\/wp-content\/uploads\/2023\/11\/Image20231107231134.png","contentUrl":"https:\/\/eckankar-ci.org\/wp-content\/uploads\/2023\/11\/Image20231107231134.png","width":1500,"height":583},{"@type":"BreadcrumbList","@id":"https:\/\/eckankar-ci.org\/congres-eck-de-laventure-de-lame\/#breadcrumb","itemListElement":[{"@type":"ListItem","position":1,"name":"Accueil","item":"https:\/\/eckankar-ci.org\/"},{"@type":"ListItem","position":2,"name":"Congr\u00e8s ECK de l\u2019Aventure de l\u2019Ame"}]},{"@type":"WebSite","@id":"https:\/\/eckankar-ci.org\/#website","url":"https:\/\/eckankar-ci.org\/","name":"ECKANKAR COTE D'IVOIRE","description":"","publisher":{"@id":"https:\/\/eckankar-ci.org\/#organization"},"potentialAction":[{"@type":"SearchAction","target":{"@type":"EntryPoint","urlTemplate":"https:\/\/eckankar-ci.org\/?s={search_term_string}"},"query-input":{"@type":"PropertyValueSpecification","valueRequired":true,"valueName":"search_term_string"}}],"inLanguage":"fr-FR"},{"@type":"Organization","@id":"https:\/\/eckankar-ci.org\/#organization","name":"ECKANKAR COTE D'IVOIRE","url":"https:\/\/eckankar-ci.org\/","logo":{"@type":"ImageObject","inLanguage":"fr-FR","@id":"https:\/\/eckankar-ci.org\/#\/schema\/logo\/image\/","url":"https:\/\/eckankar-ci.org\/wp-content\/uploads\/2017\/11\/cropped-EK-Logo_Hrz_blue_gold_FINAL.png","contentUrl":"https:\/\/eckankar-ci.org\/wp-content\/uploads\/2017\/11\/cropped-EK-Logo_Hrz_blue_gold_FINAL.png","width":689,"height":154,"caption":"ECKANKAR COTE D'IVOIRE"},"image":{"@id":"https:\/\/eckankar-ci.org\/#\/schema\/logo\/image\/"}}]}},"ticketed":false,"_links":{"self":[{"href":"https:\/\/eckankar-ci.org\/wp-json\/wp\/v2\/pages\/5676","targetHints":{"allow":["GET"]}}],"collection":[{"href":"https:\/\/eckankar-ci.org\/wp-json\/wp\/v2\/pages"}],"about":[{"href":"https:\/\/eckankar-ci.org\/wp-json\/wp\/v2\/types\/page"}],"author":[{"embeddable":true,"href":"https:\/\/eckankar-ci.org\/wp-json\/wp\/v2\/users\/1"}],"replies":[{"embeddable":true,"href":"https:\/\/eckankar-ci.org\/wp-json\/wp\/v2\/comments?post=5676"}],"version-history":[{"count":23,"href":"https:\/\/eckankar-ci.org\/wp-json\/wp\/v2\/pages\/5676\/revisions"}],"predecessor-version":[{"id":5731,"href":"https:\/\/eckankar-ci.org\/wp-json\/wp\/v2\/pages\/5676\/revisions\/5731"}],"wp:attachment":[{"href":"https:\/\/eckankar-ci.org\/wp-json\/wp\/v2\/media?parent=5676"}],"curies":[{"name":"wp","href":"https:\/\/api.w.org\/{rel}","templated":true}]}}